{"id":887160,"date":"2023-08-11T11:13:22","date_gmt":"2023-08-11T10:13:22","guid":{"rendered":"https:\/\/www.absaugwerk.de\/marc-green\/"},"modified":"2025-10-28T11:43:23","modified_gmt":"2025-10-28T10:43:23","slug":"marc-gruen","status":"publish","type":"page","link":"https:\/\/www.absaugwerk.de\/es\/la-empresa\/marc-gruen\/","title":{"rendered":"Marc Gr\u00fcn"},"content":{"rendered":"<p>[et_pb_section fb_built=\u00bb1&#8243; fullwidth=\u00bbon\u00bb _builder_version=\u00bb4.21.0&#8243; _module_preset=\u00bbdefault\u00bb background_color=\u00bbRGBA(255,255,255,0)\u00bb use_background_color_gradient=\u00bbon\u00bb background_color_gradient_stops=\u00bbrgba(23,23,30,0.01) 68%|#17171e 100%\u00bb background_image=\u00bbhttps:\/\/www.absaugwerk.de\/wp-content\/uploads\/2023\/07\/ABSAUGWERK_Sponsoring_Marc-Gruen_Bergsteiger-5.jpg\u00bb background_blend=\u00bbmultiply\u00bb max_width=\u00bb100%\u00bb module_alignment=\u00bbcenter\u00bb da_disable_devices=\u00bboff|off|off\u00bb locked=\u00bboff\u00bb global_colors_info=\u00bb{}\u00bb da_is_popup=\u00bboff\u00bb da_exit_intent=\u00bboff\u00bb da_has_close=\u00bbon\u00bb da_alt_close=\u00bboff\u00bb da_dark_close=\u00bboff\u00bb da_not_modal=\u00bbon\u00bb da_is_singular=\u00bboff\u00bb da_with_loader=\u00bboff\u00bb da_has_shadow=\u00bbon\u00bb][et_pb_fullwidth_header title=\u00bbMARC GR\u00dcN\u00bb subhead=\u00bbPATROCINADO POR ABSAUGWERK\u00bb title_last_edited=\u00bboff|phone\u00bb module_class=\u00bblcp-hero\u00bb _builder_version=\u00bb4.21.0&#8243; _module_preset=\u00bb923a8684-c68c-4cea-994e-69c634e28fb9&#8243; background_enable_color=\u00bboff\u00bb background_color_gradient_stops=\u00bbrgba(23,23,30,0) 0%|rgba(23,23,30,0.95) 100%\u00bb background_image=\u00bbhttps:\/\/www.absaugwerk.de\/wp-content\/uploads\/2023\/03\/ABSAUGWERK_Nassabscheider_brennbare-explosive-Staeube-1.jpg\u00bb background_blend=\u00bbmultiply\u00bb custom_padding=\u00bb74px|0px|74px|0px|true|false\u00bb custom_padding_last_edited=\u00bboff|phone\u00bb title_font_size_phone=\u00bb22px\u00bb text_shadow_style=\u00bbpreset3&#8243; global_colors_info=\u00bb{}\u00bb][\/et_pb_fullwidth_header][\/et_pb_section][et_pb_section fb_built=\u00bb1&#8243; custom_padding_last_edited=\u00bbon|desktop\u00bb _builder_version=\u00bb4.21.0&#8243; _module_preset=\u00bb00aff66b-4fa6-467f-a840-01a7c6e4dbbe\u00bb background_color=\u00bb#17171E\u00bb custom_padding=\u00bb120px||140px||false|false\u00bb custom_padding_tablet=\u00bb120px||140px||false|false\u00bb custom_padding_phone=\u00bb120px||140px||false|false\u00bb da_disable_devices=\u00bboff|off|off\u00bb locked=\u00bboff\u00bb global_colors_info=\u00bb{}\u00bb da_is_popup=\u00bboff\u00bb da_exit_intent=\u00bboff\u00bb da_has_close=\u00bbon\u00bb da_alt_close=\u00bboff\u00bb da_dark_close=\u00bboff\u00bb da_not_modal=\u00bbon\u00bb da_is_singular=\u00bboff\u00bb da_with_loader=\u00bboff\u00bb da_has_shadow=\u00bbon\u00bb][et_pb_row custom_padding_last_edited=\u00bbon|tablet\u00bb _builder_version=\u00bb4.21.0&#8243; _module_preset=\u00bbdefault\u00bb custom_padding=\u00bb0px||80px||false|true\u00bb custom_padding_tablet=\u00bb||50px||false|true\u00bb custom_padding_phone=\u00bb||50px||false|true\u00bb global_colors_info=\u00bb{}\u00bb][et_pb_column type=\u00bb4_4&#8243; _builder_version=\u00bb4.18.0&#8243; _module_preset=\u00bbdefault\u00bb global_colors_info=\u00bb{}\u00bb][et_pb_text _builder_version=\u00bb4.21.0&#8243; _module_preset=\u00bb4f2bbf6b-de3b-40b0-98da-48deaef0ec2a\u00bb width=\u00bb70%\u00bb width_tablet=\u00bb100%\u00bb width_phone=\u00bb100%\u00bb width_last_edited=\u00bbon|phone\u00bb global_colors_info=\u00bb{}\u00bb]<\/p>\n<h3>\u00bb<span>Adem\u00e1s de la preparaci\u00f3n f\u00edsica, la preparaci\u00f3n mental es a\u00fan m\u00e1s importante para poder hacer frente a los esfuerzos y desaf\u00edos mentales que se avecinan. <\/span> <span>Normalmente s\u00f3lo hay un intento. Al final, la monta\u00f1a decide. <\/span>\u00ab<\/h3>\n<p>[\/et_pb_text][\/et_pb_column][\/et_pb_row][et_pb_row column_structure=\u00bb1_3,2_3&#8243; _builder_version=\u00bb4.22.1&#8243; _module_preset=\u00bbdefault\u00bb custom_padding=\u00bb0px||0px||false|true\u00bb locked=\u00bboff\u00bb global_colors_info=\u00bb{}\u00bb][et_pb_column type=\u00bb1_3&#8243; _builder_version=\u00bb4.22.1&#8243; _module_preset=\u00bbdefault\u00bb sticky_position=\u00bbtop\u00bb sticky_limit_bottom=\u00bbrow\u00bb sticky_position_tablet=\u00bbnone\u00bb sticky_position_phone=\u00bbnone\u00bb sticky_position_last_edited=\u00bbon|desktop\u00bb global_colors_info=\u00bb{}\u00bb][et_pb_text _builder_version=\u00bb4.21.0&#8243; _module_preset=\u00bb4f2bbf6b-de3b-40b0-98da-48deaef0ec2a\u00bb global_colors_info=\u00bb{}\u00bb]<\/p>\n<div id=\"sppb-addon-wrapper-1652861248009\" class=\"sppb-addon-wrapper\">\n<div id=\"sppb-addon-1652861248009\" class=\"clearfix\">\n<div class=\"sppb-addon sppb-addon-text-block sppb-text-left\">\n<div class=\"sppb-addon-content\">\n<p><strong>Disciplina:<\/strong><\/p>\n<\/div>\n<\/div>\n<\/div>\n<\/div>\n<div id=\"sppb-addon-wrapper-1663857224236\" class=\"sppb-addon-wrapper\">\n<div id=\"sppb-addon-1663857224236\" class=\"clearfix\">\n<div class=\"sppb-addon sppb-addon-text-block sppb-text-left\">\n<div class=\"sppb-addon-content\">\n<p>Alpinismo extremo<\/p>\n<\/div>\n<\/div>\n<\/div>\n<\/div>\n<p>[\/et_pb_text][et_pb_text _builder_version=\u00bb4.21.0&#8243; _module_preset=\u00bb4f2bbf6b-de3b-40b0-98da-48deaef0ec2a\u00bb global_colors_info=\u00bb{}\u00bb]<\/p>\n<div id=\"sppb-addon-wrapper-1652861248009\" class=\"sppb-addon-wrapper\">\n<div id=\"sppb-addon-1652861248009\" class=\"clearfix\">\n<div class=\"sppb-addon sppb-addon-text-block sppb-text-left\">\n<div class=\"sppb-addon-content\">\n<p><strong>Fecha de nacimiento:<\/strong><\/p>\n<\/div>\n<\/div>\n<\/div>\n<\/div>\n<div id=\"sppb-addon-wrapper-1663857224236\" class=\"sppb-addon-wrapper\">\n<div id=\"sppb-addon-1663857224236\" class=\"clearfix\">\n<div class=\"sppb-addon sppb-addon-text-block sppb-text-left\">\n<div class=\"sppb-addon-content\">\n<p>9 de enero de 1978<\/p>\n<\/div>\n<\/div>\n<\/div>\n<\/div>\n<p>[\/et_pb_text][et_pb_text _builder_version=\u00bb4.21.0&#8243; _module_preset=\u00bb4f2bbf6b-de3b-40b0-98da-48deaef0ec2a\u00bb global_colors_info=\u00bb{}\u00bb]<\/p>\n<div id=\"sppb-addon-wrapper-1652861248009\" class=\"sppb-addon-wrapper\">\n<div id=\"sppb-addon-1652861248009\" class=\"clearfix\">\n<div class=\"sppb-addon sppb-addon-text-block sppb-text-left\">\n<div class=\"sppb-addon-content\">\n<p><strong>Nacionalidad:<\/strong><\/p>\n<\/div>\n<\/div>\n<\/div>\n<\/div>\n<div id=\"sppb-addon-wrapper-1663857224236\" class=\"sppb-addon-wrapper\">\n<div id=\"sppb-addon-1663857224236\" class=\"clearfix\">\n<div class=\"sppb-addon sppb-addon-text-block sppb-text-left\">\n<div class=\"sppb-addon-content\">\n<p>Alem\u00e1n<\/p>\n<\/div>\n<\/div>\n<\/div>\n<\/div>\n<p>[\/et_pb_text][et_pb_text _builder_version=\u00bb4.27.3&#8243; _module_preset=\u00bb4f2bbf6b-de3b-40b0-98da-48deaef0ec2a\u00bb global_colors_info=\u00bb{}\u00bb]<\/p>\n<div id=\"sppb-addon-wrapper-1652861248009\" class=\"sppb-addon-wrapper\">\n<div id=\"sppb-addon-1652861248009\" class=\"clearfix\">\n<div class=\"sppb-addon sppb-addon-text-block sppb-text-left\">\n<div class=\"sppb-addon-content\">\n<p><strong>Expedici\u00f3n:<\/strong><\/p>\n<\/div>\n<\/div>\n<\/div>\n<\/div>\n<div id=\"sppb-addon-wrapper-1663857224236\" class=\"sppb-addon-wrapper\">\n<div id=\"sppb-addon-1663857224236\" class=\"clearfix\">\n<div class=\"sppb-addon sppb-addon-text-block sppb-text-left\">\n<div class=\"sppb-addon-content\">\n<p>3 d\u00edas de trekking hasta el campamento base<br \/>15 d\u00edas de aclimataci\u00f3n, montaje de la cadena de campamentos de altura y traves\u00eda de la cumbre<br \/>3 campamentos de altura<br \/>Duraci\u00f3n total 20 d\u00edas<\/p>\n<\/div>\n<\/div>\n<\/div>\n<\/div>\n<p>[\/et_pb_text][et_pb_text _builder_version=\u00bb4.27.3&#8243; _module_preset=\u00bb4f2bbf6b-de3b-40b0-98da-48deaef0ec2a\u00bb global_colors_info=\u00bb{}\u00bb]<\/p>\n<div id=\"sppb-addon-wrapper-1652861248009\" class=\"sppb-addon-wrapper\">\n<div id=\"sppb-addon-1652861248009\" class=\"clearfix\">\n<div class=\"sppb-addon sppb-addon-text-block sppb-text-left\">\n<div class=\"sppb-addon-content\">\n<p><strong>Cruce de la cumbre:<\/strong><\/p>\n<\/div>\n<\/div>\n<\/div>\n<\/div>\n<div id=\"sppb-addon-wrapper-1663857224236\" class=\"sppb-addon-wrapper\">\n<div id=\"sppb-addon-1663857224236\" class=\"clearfix\">\n<div class=\"sppb-addon sppb-addon-text-block sppb-text-left\">\n<div class=\"sppb-addon-content\">\n<p>Salida a las 2:00 a.m.<br \/>16 horas por la cumbre hasta <br \/>el siguiente campamento de altura<br \/>50 kg de equipaje<\/p>\n<\/div>\n<\/div>\n<\/div>\n<\/div>\n<p>[\/et_pb_text][et_pb_text _builder_version=\u00bb4.27.4&#8243; _module_preset=\u00bb4f2bbf6b-de3b-40b0-98da-48deaef0ec2a\u00bb link_font=\u00bb||||||||\u00bb global_colors_info=\u00bb{}\u00bb]<\/p>\n<div id=\"sppb-addon-wrapper-1652861248009\" class=\"sppb-addon-wrapper\">\n<div id=\"sppb-addon-1652861248009\" class=\"clearfix\">\n<div class=\"sppb-addon sppb-addon-text-block sppb-text-left\">\n<div class=\"sppb-addon-content\">\n<p><strong>Equipo:<\/strong><\/p>\n<\/div>\n<\/div>\n<\/div>\n<\/div>\n<div id=\"sppb-addon-wrapper-1663857224236\" class=\"sppb-addon-wrapper\">\n<div id=\"sppb-addon-1663857224236\" class=\"clearfix\">\n<div class=\"sppb-addon sppb-addon-text-block sppb-text-left\">\n<div class=\"sppb-addon-content\">\n<p>aprox. 18 personas: gu\u00edas de monta\u00f1a locales, multi-conductores, equipo de cocina con cocinero, otros <a class=\"wpil_keyword_link\" href=\"https:\/\/www.absaugwerk.de\/es\/la-empresa\/\" data-wpil-keyword-link=\"linked\" data-wpil-monitor-id=\"208\">monta\u00f1eros<\/a><\/p>\n<\/div>\n<\/div>\n<\/div>\n<\/div>\n<p>[\/et_pb_text][et_pb_text _builder_version=\u00bb4.27.3&#8243; _module_preset=\u00bb4f2bbf6b-de3b-40b0-98da-48deaef0ec2a\u00bb global_colors_info=\u00bb{}\u00bb]<\/p>\n<div id=\"sppb-addon-wrapper-1652861248009\" class=\"sppb-addon-wrapper\">\n<div id=\"sppb-addon-1652861248009\" class=\"clearfix\">\n<div class=\"sppb-addon sppb-addon-text-block sppb-text-left\">\n<div class=\"sppb-addon-content\">\n<p><strong>Peligros:<\/strong><\/p>\n<\/div>\n<\/div>\n<\/div>\n<\/div>\n<div id=\"sppb-addon-wrapper-1663857224236\" class=\"sppb-addon-wrapper\">\n<div id=\"sppb-addon-1663857224236\" class=\"clearfix\">\n<div class=\"sppb-addon sppb-addon-text-block sppb-text-left\">\n<div class=\"sppb-addon-content\">\n<p>Tormentas y viento, grietas, congelaci\u00f3n, quemaduras solares, edema cerebral y pulmonar, mal de altura.<\/p>\n<\/div>\n<\/div>\n<\/div>\n<\/div>\n<p>[\/et_pb_text][et_pb_text _builder_version=\u00bb4.27.3&#8243; _module_preset=\u00bb4f2bbf6b-de3b-40b0-98da-48deaef0ec2a\u00bb global_colors_info=\u00bb{}\u00bb]<\/p>\n<div id=\"sppb-addon-wrapper-1652861248009\" class=\"sppb-addon-wrapper\">\n<div id=\"sppb-addon-1652861248009\" class=\"clearfix\">\n<div class=\"sppb-addon sppb-addon-text-block sppb-text-left\">\n<div class=\"sppb-addon-content\">\n<p><strong>Gastos de expedici\u00f3n:<\/strong><\/p>\n<\/div>\n<\/div>\n<\/div>\n<\/div>\n<div id=\"sppb-addon-wrapper-1663857224236\" class=\"sppb-addon-wrapper\">\n<div id=\"sppb-addon-1663857224236\" class=\"clearfix\">\n<div class=\"sppb-addon sppb-addon-text-block sppb-text-left\">\n<div class=\"sppb-addon-content\">\n<p>aprox. 15.000<\/p>\n<\/div>\n<\/div>\n<\/div>\n<\/div>\n<p>[\/et_pb_text][et_pb_code _builder_version=\u00bb4.19.4&#8243; _module_preset=\u00bbdefault\u00bb global_colors_info=\u00bb{}\u00bb][\/et_pb_code][\/et_pb_column][et_pb_column type=\u00bb2_3&#8243; _builder_version=\u00bb4.19.1&#8243; _module_preset=\u00bbdefault\u00bb global_colors_info=\u00bb{}\u00bb][et_pb_text _builder_version=\u00bb4.27.3&#8243; _module_preset=\u00bb4f2bbf6b-de3b-40b0-98da-48deaef0ec2a\u00bb global_colors_info=\u00bb{}\u00bb]<\/p>\n<h4>C\u00f3mo empez\u00f3 todo<\/h4>\n<p><span>Para los monta\u00f1eros de gran altitud, s\u00f3lo hay un camino: hacia arriba. La ascensi\u00f3n de Marc Gr\u00fcn comenz\u00f3 hace m\u00e1s de quince a\u00f1os, cuando conquist\u00f3 por primera vez un pico que no era inmediatamente accesible. Desde entonces, el ingeniero de proyectos de Ulm no ha dejado de conquistar nuevas alturas: primero los cuatromiles de los Alpes, luego el Stok Kangri en la India (6.153), el Aconcagua en Argentina (6.961), el Pico Lenin (7.134) en la frontera entre Tayikist\u00e1n y Kirguist\u00e1n, el Himlung Himal (7.126) y finalmente el Manaslu (8.163) en el Himalaya, la cordillera m\u00e1s alta del mundo.  <br \/><\/span><\/p>\n<p><span><\/span><\/p>\n<p><span>En monta\u00f1as como el Himlung, a -30\u00b0 C, las cosas y necesidades m\u00e1s sencillas, como la comida, el aseo o el lavado, se convierten en un problema. El fr\u00edo se ve agravado por el fino aire de la monta\u00f1a, que puede provocar intoxicaci\u00f3n por altitud. \u00abYa no controlas tus sentidos y tienes que tomar decisiones vitales, evaluar de forma realista tus fuerzas y resolver los problemas imprevisibles lo antes posible. De lo contrario, en el peor de los casos, llegar\u00e1s a la monta\u00f1a y nunca volver\u00e1s\u00bb. El respeto y la humildad hacia la monta\u00f1a y la naturaleza son especialmente importantes para Marc; a veces, la \u00fanica forma es dar marcha atr\u00e1s si la monta\u00f1a amenaza tu propia vida. Porque para llegar a la cima, a veces hay que bajar primero.<\/span><\/p>\n<p>[\/et_pb_text][et_pb_text _builder_version=\u00bb4.27.3&#8243; _module_preset=\u00bb4f2bbf6b-de3b-40b0-98da-48deaef0ec2a\u00bb custom_padding=\u00bb||20px||false|false\u00bb global_colors_info=\u00bb{}\u00bb]<\/p>\n<h4>Formaci\u00f3n en 5 disciplinas<\/h4>\n<p>Lo que la mayor\u00eda de la gente no sabe es que el alpinismo extremo tiene que ver con la fuerza mental. La preparaci\u00f3n de Marc consiste en un 30% de entrenamiento f\u00edsico y un 70% de entrenamiento mental. Adem\u00e1s del entrenamiento de fuerza, el yoga y el ciclismo, Marc entrena su forma f\u00edsica mediante carreras de monta\u00f1a en Allg\u00e4u. Esprinta monta\u00f1a arriba durante varias horas y se toma un peque\u00f1o respiro durante el descenso en telecabina, a veces durante m\u00e1s de 8 horas y al menos 4.000 metros de altitud, con una pesada mochila y pu\u00f1os de peso en los pies (simulaci\u00f3n de bota de monta\u00f1a). Mientras corre, resuelve los posibles problemas que puedan surgir durante la expedici\u00f3n para poder reaccionar con rapidez y tranquilidad a gran altitud.     <\/p>\n<p>[\/et_pb_text][et_pb_text _builder_version=\u00bb4.27.3&#8243; _module_preset=\u00bb4f2bbf6b-de3b-40b0-98da-48deaef0ec2a\u00bb background_image=\u00bbhttps:\/\/www.absaugwerk.de\/wp-content\/uploads\/2024\/11\/Aconcagua_Marc-Gruen_Absaugwerk-1.jpg\u00bb min_height=\u00bb339px\u00bb custom_padding=\u00bb||20px||false|false\u00bb global_colors_info=\u00bb{}\u00bb][\/et_pb_text][et_pb_text _builder_version=\u00bb4.27.4&#8243; _module_preset=\u00bb4f2bbf6b-de3b-40b0-98da-48deaef0ec2a\u00bb link_font=\u00bb||||||||\u00bb custom_padding=\u00bb||20px||false|false\u00bb global_colors_info=\u00bb{}\u00bb]<\/p>\n<h4>Pr\u00f3xima parada: Monta\u00f1a de la Muerte<\/h4>\n<p>La pr\u00f3xima aventura monta\u00f1era de Marc le lleva a Argentina. All\u00ed le espera<span>el Cerro Aconcagua, en los Andes argentinos, cerca de la frontera con Chile. Con sus 6.962 metros, es la monta\u00f1a m\u00e1s alta de Sudam\u00e9rica y la segunda en la lista de las \u00bbSiete Cumbres\u00ab. <\/span>  <\/p>\n<p><span>La monta\u00f1a est\u00e1 situada en el Parque Nacional de \u00bbLos Glaciares\u00ab y no es tan exigente t\u00e9cnicamente como otros picos, pero la ruta es larga, extremadamente fr\u00eda y ardua.<\/span><\/p>\n<p>La ruta de ascenso al Aconcagua conduce a la cumbre por las caras este y norte y vuelve a bajar por la cara oeste. La traves\u00eda es m\u00e1s dif\u00edcil que la ascensi\u00f3n f\u00e1cil, que Marc tuvo que abandonar poco antes de la cumbre hace a\u00f1os debido a una tormenta y al fr\u00edo extremo. <\/p>\n<p><span>Tambi\u00e9n hay normas estrictas en el parque: cada gramo de material y basura (incluido <span style=\"cursor: default; background-image: url('https:\/\/static.xx.fbcdn.net\/images\/emoji.php\/v9\/tbc\/2\/20\/1f4a9.png'); background-size: 20px 20px;\" class=\"x1xsqp64 xiy17q3 x1o6pynw x19co3pv xdj266r xcwd3tp xat24cr x39eecv x2b8uid\" data-testid=\"emoji\"><span class=\"xexx8yu xn5pp95 x18d9i69 x2fxd7x x3jgonx x1bhl96m\">\ud83d\udca9<\/span><\/span>) debe bajarse contigo y hay que consultar a un m\u00e9dico antes de la ascensi\u00f3n.  <\/span><\/p>\n<p><em> \u00bbNo hay que subestimar el Aconcagua. Debido a las condiciones clim\u00e1ticas extremas, debe tratarse como un pico de 8.000 metros en t\u00e9rminos de dificultad\u00ab.<\/em><\/p>\n<p>Adem\u00e1s de la extrema altitud, el principal enemigo aqu\u00ed son el viento y las tormentas que soplan tierra adentro desde la costa del Pac\u00edfico. Debido a estas condiciones meteorol\u00f3gicas extremas, s\u00f3lo alrededor del 30% de los que aspiran a alcanzar la cima consiguen llegar a ella. <\/p>\n<p><span class=\"BxUVEf ILfuVd\" lang=\"de\"><span class=\"hgKElc\">Se cree que tiene la tasa de mortalidad m\u00e1s alta de todas las monta\u00f1as de Sudam\u00e9rica -alrededor de tres al a\u00f1o-, lo que le ha valido el sobrenombre de \u00bbMonta\u00f1a de la Muerte\u00ab.<br \/><\/span><\/span><\/p>\n<p>&nbsp;<\/p>\n<h4>La traves\u00eda de la cumbre \u2013 Aconcagua aventura<\/h4>\n<p><span>Tras dos d\u00edas en el campo de altura 2 a 5.500 m y una tormenta que har\u00eda temblar hasta a los <a class=\"wpil_keyword_link\" href=\"https:\/\/www.absaugwerk.de\/es\/la-empresa\/\" data-wpil-keyword-link=\"linked\" data-wpil-monitor-id=\"327\">alpinistas<\/a> m\u00e1s duros, \u00a1se abri\u00f3 una breve ventana meteorol\u00f3gica precisamente el viernes 13! <\/span><span>\ud83c\udf24\ufe0f<\/span><span> \u00bbEn las fotos todo parece siempre tan bonito, con un sol radiante, pero lo que no se ve es el fr\u00edo y el viento penetrante\u00ab, explica Marc.<\/span><\/p>\n<p><span>Salimos a las 5 de la ma\u00f1ana; el grupo de 7 alpinistas, incluidos 2 gu\u00edas de monta\u00f1a, comenz\u00f3 la traves\u00eda de 15 horas por la cumbre a una temperatura que parec\u00eda de -40\u00b0.   <\/span><span>\ud83e\udd76<\/span><span> El primer control meteorol\u00f3gico estaba previsto en la cumbre, a 6.500 metros. Marc tuvo que volver aqu\u00ed en 2016, pero esta vez el grupo estaba dispuesto a correr el riesgo, a pesar de que otros dos grupos de expedici\u00f3n ya hab\u00edan abortado. \u00bbEl Aconcagua es un tipo desagradable que te har\u00e1 pasar un mal rato si no obedeces sus leyes\u00ab, dice Marc.  <\/span><\/p>\n<p><span>Tras 2-3 horas, llegaron a una formaci\u00f3n de cuevas a 6.700 metros, el lugar previsto para la segunda comprobaci\u00f3n meteorol\u00f3gica. El viento aument\u00f3 ligeramente, pero el tiempo se mantuvo estable. As\u00ed que continuaron hasta la \u00faltima etapa de 300 metros hasta la cumbre.    <\/span><span>\ud83c\udfd4\ufe0f\ud83d\udcaa<\/span><\/p>\n<p><span>Tras 10 horas de lucha contra el fr\u00edo, el viento y la sequedad, \u00a1el grupo de expedici\u00f3n alcanz\u00f3 por fin la cumbre! \u00bbDurante los primeros 10 minutos, me sent\u00ed abrumado por la emoci\u00f3n de haber alcanzado por fin este objetivo por segunda vez\u00ab, dice Marc, radiante. <\/span><\/p>\n<p><span>Despu\u00e9s de media hora de disfrutar de la cumbre, \u00a1hab\u00eda llegado el momento de descender de nuevo! Tardamos otras 4-5 horas en llegar al campo alto 3, a 6.000 metros, antes del anochecer. Tras desmontar la cadena del campo alto y viajar de vuelta a Mendoza, lo celebramos como es debido antes de regresar a Alemania v\u00eda Brasil el 18 de diciembre.    <\/span><span>\ud83c\udf89\u2708\ufe0f<\/span><\/p>\n<p><span>Estamos muy orgullosos de la actuaci\u00f3n de Marc y encantados de que haya vuelto sano y salvo con 10 dedos en manos y pies.<\/span><span class=\"BxUVEf ILfuVd\" lang=\"de\"><span class=\"hgKElc\"><\/span><\/span><\/p>\n<p>[\/et_pb_text][et_pb_text _builder_version=\u00bb4.27.4&#8243; _module_preset=\u00bb4f2bbf6b-de3b-40b0-98da-48deaef0ec2a\u00bb custom_margin=\u00bb||0px||false|false\u00bb custom_padding=\u00bb||0px||false|false\u00bb global_colors_info=\u00bb{}\u00bb]<\/p>\n<h4><span>\ud83d\udc49 \u00a1S\u00edguenos <\/span>en las redes sociales y vive de cerca todas las aventuras!<\/h4>\n<p>[\/et_pb_text][et_pb_social_media_follow _builder_version=\u00bb4.27.4&#8243; _module_preset=\u00bbe4f442bc-172e-4c5c-8215-ddc794715844&#8243; text_orientation=\u00bbleft\u00bb custom_padding=\u00bb20px||||false|false\u00bb locked=\u00bboff\u00bb global_colors_info=\u00bb{}\u00bb][et_pb_social_media_follow_network social_network=\u00bbinstagram\u00bb url=\u00bbhttps:\/\/www.instagram.com\/absaugwerk_gmbh\u00bb _builder_version=\u00bb4.24.2&#8243; _module_preset=\u00bb8431a70f-14f4-4050-af21-569235ea3baa\u00bb background_color=\u00bb#ea2c59&#8243; global_colors_info=\u00bb{}\u00bb follow_button=\u00bboff\u00bb url_new_window=\u00bbon\u00bb]instagram[\/et_pb_social_media_follow_network][et_pb_social_media_follow_network social_network=\u00bbfacebook\u00bb url=\u00bbhttps:\/\/www.facebook.com\/ABSAUGWERK\u00bb use_icon_font_size=\u00bbon\u00bb _builder_version=\u00bb4.27.4&#8243; _module_preset=\u00bb8431a70f-14f4-4050-af21-569235ea3baa\u00bb global_colors_info=\u00bb{}\u00bb follow_button=\u00bboff\u00bb url_new_window=\u00bbon\u00bb]facebook[\/et_pb_social_media_follow_network][et_pb_social_media_follow_network social_network=\u00bbyoutube\u00bb url=\u00bbhttps:\/\/www.youtube.com\/absaugwerkgmbh2402&#8243; use_icon_font_size=\u00bbon\u00bb _builder_version=\u00bb4.27.4&#8243; _module_preset=\u00bb8431a70f-14f4-4050-af21-569235ea3baa\u00bb background_color=\u00bb#a82400&#8243; global_colors_info=\u00bb{}\u00bb follow_button=\u00bboff\u00bb url_new_window=\u00bbon\u00bb]youtube[\/et_pb_social_media_follow_network][\/et_pb_social_media_follow][\/et_pb_column][\/et_pb_row][\/et_pb_section][et_pb_section fb_built=\u00bb1&#8243; disabled_on=\u00bbon|on|on\u00bb _builder_version=\u00bb4.21.0&#8243; _module_preset=\u00bbdefault\u00bb custom_padding=\u00bb0px||0px||true|false\u00bb da_disable_devices=\u00bboff|off|off\u00bb disabled=\u00bbon\u00bb global_colors_info=\u00bb{}\u00bb da_is_popup=\u00bboff\u00bb da_exit_intent=\u00bboff\u00bb da_has_close=\u00bbon\u00bb da_alt_close=\u00bboff\u00bb da_dark_close=\u00bboff\u00bb da_not_modal=\u00bbon\u00bb da_is_singular=\u00bboff\u00bb da_with_loader=\u00bboff\u00bb da_has_shadow=\u00bbon\u00bb][et_pb_row column_structure=\u00bb1_6,1_6,1_6,1_6,1_6,1_6&#8243; use_custom_gutter=\u00bbon\u00bb gutter_width=\u00bb1&#8243; make_equal=\u00bbon\u00bb _builder_version=\u00bb4.21.0&#8243; _module_preset=\u00bbdefault\u00bb width=\u00bb100%\u00bb max_width=\u00bb2560px\u00bb custom_padding=\u00bb0px||0px||false|true\u00bb global_colors_info=\u00bb{}\u00bb][et_pb_column type=\u00bb1_6&#8243; _builder_version=\u00bb4.21.0&#8243; _module_preset=\u00bbdefault\u00bb global_colors_info=\u00bb{}\u00bb][et_pb_image src=\u00bbhttps:\/\/www.absaugwerk.de\/wp-content\/uploads\/2023\/07\/ABSAUGWERK_Sponsoring_Marc-Gruen_Expeditionen-16.jpg\u00bb title_text=\u00bbABSAUGWERK_Patrocinio_Marc-Gruen_Expediciones-16&#8243; _builder_version=\u00bb4.21.0&#8243; _module_preset=\u00bbdefault\u00bb global_colors_info=\u00bb{}\u00bb][\/et_pb_image][\/et_pb_column][et_pb_column type=\u00bb1_6&#8243; _builder_version=\u00bb4.21.0&#8243; _module_preset=\u00bbdefault\u00bb global_colors_info=\u00bb{}\u00bb][et_pb_image src=\u00bbhttps:\/\/www.absaugwerk.de\/wp-content\/uploads\/2023\/07\/ABSAUGWERK_Sponsoring_Marc-Gruen_Expeditionen-8.jpg\u00bb title_text=\u00bbABSAUGWERK_Patrocinio_Marc-Gruen_Expediciones-8&#8243; _builder_version=\u00bb4.21.0&#8243; _module_preset=\u00bbdefault\u00bb global_colors_info=\u00bb{}\u00bb][\/et_pb_image][\/et_pb_column][et_pb_column type=\u00bb1_6&#8243; _builder_version=\u00bb4.21.0&#8243; _module_preset=\u00bbdefault\u00bb global_colors_info=\u00bb{}\u00bb][et_pb_image src=\u00bbhttps:\/\/www.absaugwerk.de\/wp-content\/uploads\/2023\/07\/ABSAUGWERK_Sponsoring_Marc-Gruen_Expeditionen-11.jpg\u00bb title_text=\u00bbABSAUGWERK_Patrocinio_Marc-Gruen_Expediciones-11&#8243; _builder_version=\u00bb4.21.0&#8243; _module_preset=\u00bbdefault\u00bb global_colors_info=\u00bb{}\u00bb][\/et_pb_image][\/et_pb_column][et_pb_column type=\u00bb1_6&#8243; _builder_version=\u00bb4.21.0&#8243; _module_preset=\u00bbdefault\u00bb global_colors_info=\u00bb{}\u00bb][et_pb_image src=\u00bbhttps:\/\/www.absaugwerk.de\/wp-content\/uploads\/2023\/07\/ABSAUGWERK_Sponsoring_Marc-Gruen_Expeditionen-10.jpg\u00bb title_text=\u00bbABSAUGWERK_Patrocinio_Marc-Gruen_Expediciones-10&#8243; _builder_version=\u00bb4.21.0&#8243; _module_preset=\u00bbdefault\u00bb global_colors_info=\u00bb{}\u00bb][\/et_pb_image][\/et_pb_column][et_pb_column type=\u00bb1_6&#8243; _builder_version=\u00bb4.21.0&#8243; _module_preset=\u00bbdefault\u00bb global_colors_info=\u00bb{}\u00bb][et_pb_image src=\u00bbhttps:\/\/www.absaugwerk.de\/wp-content\/uploads\/2023\/07\/ABSAUGWERK_Sponsoring_Marc-Gruen_Expeditionen-17.jpg\u00bb title_text=\u00bbABSAUGWERK_Patrocinio_Marc-Gruen_Expediciones-17&#8243; _builder_version=\u00bb4.21.0&#8243; _module_preset=\u00bbdefault\u00bb global_colors_info=\u00bb{}\u00bb][\/et_pb_image][\/et_pb_column][et_pb_column type=\u00bb1_6&#8243; _builder_version=\u00bb4.21.0&#8243; _module_preset=\u00bbdefault\u00bb global_colors_info=\u00bb{}\u00bb][et_pb_image src=\u00bbhttps:\/\/www.absaugwerk.de\/wp-content\/uploads\/2023\/07\/ABSAUGWERK_Sponsoring_Marc-Gruen_Expeditionen-18.jpg\u00bb title_text=\u00bbABSAUGWERK_Patrocinio_Marc-Gruen_Expediciones-18&#8243; _builder_version=\u00bb4.21.0&#8243; _module_preset=\u00bbdefault\u00bb global_colors_info=\u00bb{}\u00bb][\/et_pb_image][\/et_pb_column][\/et_pb_row][\/et_pb_section][et_pb_section fb_built=\u00bb1&#8243; _builder_version=\u00bb4.21.0&#8243; _module_preset=\u00bbdefault\u00bb custom_padding=\u00bb50px||0px||false|false\u00bb da_disable_devices=\u00bboff|off|off\u00bb locked=\u00bboff\u00bb global_colors_info=\u00bb{}\u00bb da_is_popup=\u00bboff\u00bb da_exit_intent=\u00bboff\u00bb da_has_close=\u00bbon\u00bb da_alt_close=\u00bboff\u00bb da_dark_close=\u00bboff\u00bb da_not_modal=\u00bbon\u00bb da_is_singular=\u00bboff\u00bb da_with_loader=\u00bboff\u00bb da_has_shadow=\u00bbon\u00bb][et_pb_row _builder_version=\u00bb4.19.2&#8243; _module_preset=\u00bbdefault\u00bb global_colors_info=\u00bb{}\u00bb][et_pb_column type=\u00bb4_4&#8243; _builder_version=\u00bb4.19.2&#8243; _module_preset=\u00bbdefault\u00bb global_colors_info=\u00bb{}\u00bb][dica_divi_carousel item_width_auto=\u00bbon\u00bb centermode=\u00bbon\u00bb loop=\u00bbon\u00bb autoplay=\u00bbon\u00bb autoplay_speed=\u00bb3000&#8243; advanced_effect=\u00bb1&#8243; disabled_on=\u00bbon|on|off\u00bb _builder_version=\u00bb4.21.0&#8243; _module_preset=\u00bbc4faf2ca-3648-4bff-984b-85891e71a517&#8243; global_colors_info=\u00bb{}\u00bb][dica_divi_carouselitem button_url_new_window=\u00bb1&#8243; image=\u00bbhttps:\/\/www.absaugwerk.de\/wp-content\/uploads\/2023\/07\/ABSAUGWERK_Sponsoring_Marc-Gruen_Expeditionen-1.jpg\u00bb _builder_version=\u00bb4.21.0&#8243; _module_preset=\u00bbdefault\u00bb global_colors_info=\u00bb{}\u00bb][\/dica_divi_carouselitem][dica_divi_carouselitem button_url_new_window=\u00bb1&#8243; image=\u00bbhttps:\/\/www.absaugwerk.de\/wp-content\/uploads\/2023\/07\/ABSAUGWERK_Sponsoring_Marc-Gruen_Expeditionen-2.jpg\u00bb _builder_version=\u00bb4.21.0&#8243; _module_preset=\u00bbdefault\u00bb global_colors_info=\u00bb{}\u00bb][\/dica_divi_carouselitem][dica_divi_carouselitem button_url_new_window=\u00bb1&#8243; image=\u00bbhttps:\/\/www.absaugwerk.de\/wp-content\/uploads\/2023\/07\/ABSAUGWERK_Sponsoring_Marc-Gruen_Expeditionen-3.jpg\u00bb _builder_version=\u00bb4.21.0&#8243; _module_preset=\u00bbdefault\u00bb global_colors_info=\u00bb{}\u00bb][\/dica_divi_carouselitem][dica_divi_carouselitem button_url_new_window=\u00bb1&#8243; image=\u00bbhttps:\/\/www.absaugwerk.de\/wp-content\/uploads\/2023\/07\/ABSAUGWERK_Sponsoring_Marc-Gruen_Expeditionen-4.jpg\u00bb _builder_version=\u00bb4.21.0&#8243; _module_preset=\u00bbdefault\u00bb global_colors_info=\u00bb{}\u00bb][\/dica_divi_carouselitem][dica_divi_carouselitem button_url_new_window=\u00bb1&#8243; image=\u00bbhttps:\/\/www.absaugwerk.de\/wp-content\/uploads\/2023\/07\/ABSAUGWERK_Sponsoring_Marc-Gruen_Expeditionen-5.jpg\u00bb _builder_version=\u00bb4.21.0&#8243; _module_preset=\u00bbdefault\u00bb global_colors_info=\u00bb{}\u00bb][\/dica_divi_carouselitem][dica_divi_carouselitem button_url_new_window=\u00bb1&#8243; image=\u00bbhttps:\/\/www.absaugwerk.de\/wp-content\/uploads\/2023\/07\/ABSAUGWERK_Sponsoring_Marc-Gruen_Expeditionen-6.jpg\u00bb _builder_version=\u00bb4.21.0&#8243; _module_preset=\u00bbdefault\u00bb global_colors_info=\u00bb{}\u00bb][\/dica_divi_carouselitem][dica_divi_carouselitem button_url_new_window=\u00bb1&#8243; image=\u00bbhttps:\/\/www.absaugwerk.de\/wp-content\/uploads\/2023\/07\/ABSAUGWERK_Sponsoring_Marc-Gruen_Expeditionen-8.jpg\u00bb _builder_version=\u00bb4.21.0&#8243; _module_preset=\u00bbdefault\u00bb global_colors_info=\u00bb{}\u00bb][\/dica_divi_carouselitem][dica_divi_carouselitem button_url_new_window=\u00bb1&#8243; image=\u00bbhttps:\/\/www.absaugwerk.de\/wp-content\/uploads\/2023\/07\/ABSAUGWERK_Sponsoring_Marc-Gruen_Expeditionen-9.jpg\u00bb _builder_version=\u00bb4.21.0&#8243; _module_preset=\u00bbdefault\u00bb global_colors_info=\u00bb{}\u00bb][\/dica_divi_carouselitem][dica_divi_carouselitem button_url_new_window=\u00bb1&#8243; image=\u00bbhttps:\/\/www.absaugwerk.de\/wp-content\/uploads\/2023\/07\/ABSAUGWERK_Sponsoring_Marc-Gruen_Expeditionen-10.jpg\u00bb _builder_version=\u00bb4.21.0&#8243; _module_preset=\u00bbdefault\u00bb global_colors_info=\u00bb{}\u00bb][\/dica_divi_carouselitem][dica_divi_carouselitem button_url_new_window=\u00bb1&#8243; image=\u00bbhttps:\/\/www.absaugwerk.de\/wp-content\/uploads\/2023\/07\/ABSAUGWERK_Sponsoring_Marc-Gruen_Expeditionen-11.jpg\u00bb _builder_version=\u00bb4.21.0&#8243; _module_preset=\u00bbdefault\u00bb global_colors_info=\u00bb{}\u00bb][\/dica_divi_carouselitem][dica_divi_carouselitem button_url_new_window=\u00bb1&#8243; image=\u00bbhttps:\/\/www.absaugwerk.de\/wp-content\/uploads\/2023\/07\/ABSAUGWERK_Sponsoring_Marc-Gruen_Expeditionen-12.jpg\u00bb _builder_version=\u00bb4.21.0&#8243; _module_preset=\u00bbdefault\u00bb global_colors_info=\u00bb{}\u00bb][\/dica_divi_carouselitem][dica_divi_carouselitem button_url_new_window=\u00bb1&#8243; image=\u00bbhttps:\/\/www.absaugwerk.de\/wp-content\/uploads\/2023\/07\/ABSAUGWERK_Sponsoring_Marc-Gruen_Expeditionen-13.jpg\u00bb _builder_version=\u00bb4.21.0&#8243; _module_preset=\u00bbdefault\u00bb global_colors_info=\u00bb{}\u00bb][\/dica_divi_carouselitem][dica_divi_carouselitem button_url_new_window=\u00bb1&#8243; image=\u00bbhttps:\/\/www.absaugwerk.de\/wp-content\/uploads\/2023\/07\/ABSAUGWERK_Sponsoring_Marc-Gruen_Expeditionen-14.jpg\u00bb _builder_version=\u00bb4.21.0&#8243; _module_preset=\u00bbdefault\u00bb global_colors_info=\u00bb{}\u00bb][\/dica_divi_carouselitem][dica_divi_carouselitem button_url_new_window=\u00bb1&#8243; image=\u00bbhttps:\/\/www.absaugwerk.de\/wp-content\/uploads\/2023\/07\/ABSAUGWERK_Sponsoring_Marc-Gruen_Expeditionen-15.jpg\u00bb _builder_version=\u00bb4.21.0&#8243; _module_preset=\u00bbdefault\u00bb global_colors_info=\u00bb{}\u00bb][\/dica_divi_carouselitem][dica_divi_carouselitem button_url_new_window=\u00bb1&#8243; image=\u00bbhttps:\/\/www.absaugwerk.de\/wp-content\/uploads\/2023\/07\/ABSAUGWERK_Sponsoring_Marc-Gruen_Expeditionen-16.jpg\u00bb _builder_version=\u00bb4.21.0&#8243; _module_preset=\u00bbdefault\u00bb global_colors_info=\u00bb{}\u00bb][\/dica_divi_carouselitem][dica_divi_carouselitem button_url_new_window=\u00bb1&#8243; image=\u00bbhttps:\/\/www.absaugwerk.de\/wp-content\/uploads\/2023\/07\/ABSAUGWERK_Sponsoring_Marc-Gruen_Expeditionen-17.jpg\u00bb _builder_version=\u00bb4.21.0&#8243; _module_preset=\u00bbdefault\u00bb global_colors_info=\u00bb{}\u00bb][\/dica_divi_carouselitem][dica_divi_carouselitem button_url_new_window=\u00bb1&#8243; image=\u00bbhttps:\/\/www.absaugwerk.de\/wp-content\/uploads\/2023\/07\/ABSAUGWERK_Sponsoring_Marc-Gruen_Expeditionen-18.jpg\u00bb _builder_version=\u00bb4.21.0&#8243; _module_preset=\u00bbdefault\u00bb global_colors_info=\u00bb{}\u00bb][\/dica_divi_carouselitem][dica_divi_carouselitem button_url_new_window=\u00bb1&#8243; image=\u00bbhttps:\/\/www.absaugwerk.de\/wp-content\/uploads\/2023\/07\/ABSAUGWERK_Sponsoring_Marc-Gruen_Expeditionen-19.jpg\u00bb _builder_version=\u00bb4.21.0&#8243; _module_preset=\u00bbdefault\u00bb global_colors_info=\u00bb{}\u00bb][\/dica_divi_carouselitem][\/dica_divi_carousel][dica_divi_carousel show_items_tablet=\u00bb2&#8243; centermode=\u00bbon\u00bb advanced_effect=\u00bb1&#8243; _builder_version=\u00bb4.21.0&#8243; _module_preset=\u00bbb2c985d7-75a8-46b5-9ee0-991665b2c319&#8243; global_colors_info=\u00bb{}\u00bb][dica_divi_carouselitem button_url_new_window=\u00bb1&#8243; image=\u00bbhttps:\/\/www.absaugwerk.de\/wp-content\/uploads\/2023\/07\/ABSAUGWERK_Sponsoring_Marc-Gruen_Expeditionen-1.jpg\u00bb _builder_version=\u00bb4.21.0&#8243; _module_preset=\u00bbdefault\u00bb global_colors_info=\u00bb{}\u00bb][\/dica_divi_carouselitem][dica_divi_carouselitem button_url_new_window=\u00bb1&#8243; image=\u00bbhttps:\/\/www.absaugwerk.de\/wp-content\/uploads\/2023\/07\/ABSAUGWERK_Sponsoring_Marc-Gruen_Expeditionen-2.jpg\u00bb _builder_version=\u00bb4.21.0&#8243; _module_preset=\u00bbdefault\u00bb global_colors_info=\u00bb{}\u00bb][\/dica_divi_carouselitem][dica_divi_carouselitem button_url_new_window=\u00bb1&#8243; image=\u00bbhttps:\/\/www.absaugwerk.de\/wp-content\/uploads\/2023\/07\/ABSAUGWERK_Sponsoring_Marc-Gruen_Expeditionen-3.jpg\u00bb _builder_version=\u00bb4.21.0&#8243; _module_preset=\u00bbdefault\u00bb global_colors_info=\u00bb{}\u00bb][\/dica_divi_carouselitem][dica_divi_carouselitem button_url_new_window=\u00bb1&#8243; image=\u00bbhttps:\/\/www.absaugwerk.de\/wp-content\/uploads\/2023\/07\/ABSAUGWERK_Sponsoring_Marc-Gruen_Expeditionen-4.jpg\u00bb _builder_version=\u00bb4.21.0&#8243; _module_preset=\u00bbdefault\u00bb global_colors_info=\u00bb{}\u00bb][\/dica_divi_carouselitem][dica_divi_carouselitem button_url_new_window=\u00bb1&#8243; image=\u00bbhttps:\/\/www.absaugwerk.de\/wp-content\/uploads\/2023\/07\/ABSAUGWERK_Sponsoring_Marc-Gruen_Expeditionen-5.jpg\u00bb _builder_version=\u00bb4.21.0&#8243; _module_preset=\u00bbdefault\u00bb global_colors_info=\u00bb{}\u00bb][\/dica_divi_carouselitem][dica_divi_carouselitem button_url_new_window=\u00bb1&#8243; image=\u00bbhttps:\/\/www.absaugwerk.de\/wp-content\/uploads\/2023\/07\/ABSAUGWERK_Sponsoring_Marc-Gruen_Expeditionen-6.jpg\u00bb _builder_version=\u00bb4.21.0&#8243; _module_preset=\u00bbdefault\u00bb global_colors_info=\u00bb{}\u00bb][\/dica_divi_carouselitem][dica_divi_carouselitem button_url_new_window=\u00bb1&#8243; image=\u00bbhttps:\/\/www.absaugwerk.de\/wp-content\/uploads\/2023\/07\/ABSAUGWERK_Sponsoring_Marc-Gruen_Expeditionen-8.jpg\u00bb _builder_version=\u00bb4.21.0&#8243; _module_preset=\u00bbdefault\u00bb global_colors_info=\u00bb{}\u00bb][\/dica_divi_carouselitem][dica_divi_carouselitem button_url_new_window=\u00bb1&#8243; image=\u00bbhttps:\/\/www.absaugwerk.de\/wp-content\/uploads\/2023\/07\/ABSAUGWERK_Sponsoring_Marc-Gruen_Expeditionen-9.jpg\u00bb _builder_version=\u00bb4.21.0&#8243; _module_preset=\u00bbdefault\u00bb global_colors_info=\u00bb{}\u00bb][\/dica_divi_carouselitem][dica_divi_carouselitem button_url_new_window=\u00bb1&#8243; image=\u00bbhttps:\/\/www.absaugwerk.de\/wp-content\/uploads\/2023\/07\/ABSAUGWERK_Sponsoring_Marc-Gruen_Expeditionen-10.jpg\u00bb _builder_version=\u00bb4.21.0&#8243; _module_preset=\u00bbdefault\u00bb global_colors_info=\u00bb{}\u00bb][\/dica_divi_carouselitem][dica_divi_carouselitem button_url_new_window=\u00bb1&#8243; image=\u00bbhttps:\/\/www.absaugwerk.de\/wp-content\/uploads\/2023\/07\/ABSAUGWERK_Sponsoring_Marc-Gruen_Expeditionen-11.jpg\u00bb _builder_version=\u00bb4.21.0&#8243; _module_preset=\u00bbdefault\u00bb global_colors_info=\u00bb{}\u00bb][\/dica_divi_carouselitem][dica_divi_carouselitem button_url_new_window=\u00bb1&#8243; image=\u00bbhttps:\/\/www.absaugwerk.de\/wp-content\/uploads\/2023\/07\/ABSAUGWERK_Sponsoring_Marc-Gruen_Expeditionen-12.jpg\u00bb _builder_version=\u00bb4.21.0&#8243; _module_preset=\u00bbdefault\u00bb global_colors_info=\u00bb{}\u00bb][\/dica_divi_carouselitem][dica_divi_carouselitem button_url_new_window=\u00bb1&#8243; image=\u00bbhttps:\/\/www.absaugwerk.de\/wp-content\/uploads\/2023\/07\/ABSAUGWERK_Sponsoring_Marc-Gruen_Expeditionen-13.jpg\u00bb _builder_version=\u00bb4.21.0&#8243; _module_preset=\u00bbdefault\u00bb global_colors_info=\u00bb{}\u00bb][\/dica_divi_carouselitem][dica_divi_carouselitem button_url_new_window=\u00bb1&#8243; image=\u00bbhttps:\/\/www.absaugwerk.de\/wp-content\/uploads\/2023\/07\/ABSAUGWERK_Sponsoring_Marc-Gruen_Expeditionen-14.jpg\u00bb _builder_version=\u00bb4.21.0&#8243; _module_preset=\u00bbdefault\u00bb global_colors_info=\u00bb{}\u00bb][\/dica_divi_carouselitem][dica_divi_carouselitem button_url_new_window=\u00bb1&#8243; image=\u00bbhttps:\/\/www.absaugwerk.de\/wp-content\/uploads\/2023\/07\/ABSAUGWERK_Sponsoring_Marc-Gruen_Expeditionen-15.jpg\u00bb _builder_version=\u00bb4.21.0&#8243; _module_preset=\u00bbdefault\u00bb global_colors_info=\u00bb{}\u00bb][\/dica_divi_carouselitem][dica_divi_carouselitem button_url_new_window=\u00bb1&#8243; image=\u00bbhttps:\/\/www.absaugwerk.de\/wp-content\/uploads\/2023\/07\/ABSAUGWERK_Sponsoring_Marc-Gruen_Expeditionen-16.jpg\u00bb _builder_version=\u00bb4.21.0&#8243; _module_preset=\u00bbdefault\u00bb global_colors_info=\u00bb{}\u00bb][\/dica_divi_carouselitem][dica_divi_carouselitem button_url_new_window=\u00bb1&#8243; image=\u00bbhttps:\/\/www.absaugwerk.de\/wp-content\/uploads\/2023\/07\/ABSAUGWERK_Sponsoring_Marc-Gruen_Expeditionen-17.jpg\u00bb _builder_version=\u00bb4.21.0&#8243; _module_preset=\u00bbdefault\u00bb global_colors_info=\u00bb{}\u00bb][\/dica_divi_carouselitem][dica_divi_carouselitem button_url_new_window=\u00bb1&#8243; image=\u00bbhttps:\/\/www.absaugwerk.de\/wp-content\/uploads\/2023\/07\/ABSAUGWERK_Sponsoring_Marc-Gruen_Expeditionen-18.jpg\u00bb _builder_version=\u00bb4.21.0&#8243; _module_preset=\u00bbdefault\u00bb global_colors_info=\u00bb{}\u00bb][\/dica_divi_carouselitem][dica_divi_carouselitem button_url_new_window=\u00bb1&#8243; image=\u00bbhttps:\/\/www.absaugwerk.de\/wp-content\/uploads\/2023\/07\/ABSAUGWERK_Sponsoring_Marc-Gruen_Expeditionen-19.jpg\u00bb _builder_version=\u00bb4.21.0&#8243; _module_preset=\u00bbdefault\u00bb global_colors_info=\u00bb{}\u00bb][\/dica_divi_carouselitem][\/dica_divi_carousel][\/et_pb_column][\/et_pb_row][\/et_pb_section][et_pb_section fb_built=\u00bb1&#8243; custom_padding_last_edited=\u00bbon|phone\u00bb _builder_version=\u00bb4.21.0&#8243; _module_preset=\u00bbdefault\u00bb custom_padding=\u00bb0px||120px||false|false\u00bb custom_padding_tablet=\u00bb100px||100px||true|false\u00bb custom_padding_phone=\u00bb80px||80px||true|false\u00bb da_disable_devices=\u00bboff|off|off\u00bb global_colors_info=\u00bb{}\u00bb da_is_popup=\u00bboff\u00bb da_exit_intent=\u00bboff\u00bb da_has_close=\u00bbon\u00bb da_alt_close=\u00bboff\u00bb da_dark_close=\u00bboff\u00bb da_not_modal=\u00bbon\u00bb da_is_singular=\u00bboff\u00bb da_with_loader=\u00bboff\u00bb da_has_shadow=\u00bbon\u00bb][et_pb_row _builder_version=\u00bb4.21.0&#8243; _module_preset=\u00bbdefault\u00bb custom_padding=\u00bb0px||0px||false|true\u00bb global_colors_info=\u00bb{}\u00bb][et_pb_column type=\u00bb4_4&#8243; _builder_version=\u00bb4.21.0&#8243; _module_preset=\u00bbdefault\u00bb global_colors_info=\u00bb{}\u00bb][et_pb_text _builder_version=\u00bb4.27.4&#8243; _module_preset=\u00bbdefault\u00bb width=\u00bb70%\u00bb width_tablet=\u00bb100%\u00bb width_phone=\u00bb100%\u00bb width_last_edited=\u00bbon|tablet\u00bb global_colors_info=\u00bb{}\u00bb]<\/p>\n<h2>\u00bfPor qu\u00e9 apoyamos a Marc?<\/h2>\n<p>Nos cautivaron de inmediato las historias y fotos de Marc sobre sus expediciones anteriores. Fascinados e inspirados por su fuerza de voluntad, decidimos apoyarle en su mayor expedici\u00f3n hasta la fecha. \u00bbObjetivos comunes\u00ab y \u00bbasociaci\u00f3n\u00ab son dos de los principales <g id=\"gid_0\">valores corporativos<\/g> de ABSAUGWERK. Apoyamos a nuestros WERKER y <a class=\"wpil_keyword_link\" href=\"https:\/\/www.absaugwerk.de\/es\/servicios\/socio\/\" data-wpil-keyword-link=\"linked\">socios<\/a> externos como Marc en sus objetivos profesionales y personales. Adem\u00e1s de nuestro Director General, Michel, tenemos muchos WERKER entusiastas del senderismo y organizamos regularmente excursiones conjuntas, como a la F\u00fcssener H\u00fctte el pasado agosto junto con el gur\u00fa de la monta\u00f1a Marc.    <\/p>\n<p>[\/et_pb_text][\/et_pb_column][\/et_pb_row][\/et_pb_section][et_pb_section fb_built=\u00bb1&#8243; module_class=\u00bbvertikal-zentrieren\u00bb _builder_version=\u00bb4.21.0&#8243; _module_preset=\u00bbdefault\u00bb background_image=\u00bbhttps:\/\/www.absaugwerk.de\/wp-content\/uploads\/2023\/07\/ABSAUGWERK_Sponsoring_Marc-Gruen_Berglandschaft.jpg\u00bb height=\u00bb645px\u00bb height_tablet=\u00bb800px\u00bb height_phone=\u00bb800px\u00bb height_last_edited=\u00bbon|phone\u00bb da_disable_devices=\u00bboff|off|off\u00bb global_colors_info=\u00bb{}\u00bb da_is_popup=\u00bboff\u00bb da_exit_intent=\u00bboff\u00bb da_has_close=\u00bbon\u00bb da_alt_close=\u00bboff\u00bb da_dark_close=\u00bboff\u00bb da_not_modal=\u00bbon\u00bb da_is_singular=\u00bboff\u00bb da_with_loader=\u00bboff\u00bb da_has_shadow=\u00bbon\u00bb][et_pb_row _builder_version=\u00bb4.21.0&#8243; _module_preset=\u00bbdefault\u00bb use_background_color_gradient=\u00bbon\u00bb background_color_gradient_stops=\u00bbrgba(23,23,30,0.9) 0%|rgba(23,23,30,0.95) 100%\u00bb custom_margin=\u00bb80px||80px||true|false\u00bb custom_padding=\u00bb0px||0px||false|true\u00bb border_radii=\u00bbon|10px|10px|10px|10px\u00bb global_colors_info=\u00bb{}\u00bb][et_pb_column type=\u00bb4_4&#8243; _builder_version=\u00bb4.21.0&#8243; _module_preset=\u00bbdefault\u00bb custom_padding=\u00bb50px|50px|50px|50px|true|true\u00bb border_radii=\u00bbon|12px|12px|12px|12px\u00bb global_colors_info=\u00bb{}\u00bb][et_pb_icon font_icon=\u00bb&#xe60f;||divi||400&#8243; icon_color=\u00bbrgba(255,255,255,0.36)\u00bb icon_width=\u00bb72px\u00bb align=\u00bbleft\u00bb icon_width_tablet=\u00bb72px\u00bb icon_width_phone=\u00bb62px\u00bb icon_width_last_edited=\u00bbon|phone\u00bb _builder_version=\u00bb4.21.0&#8243; _module_preset=\u00bbdefault\u00bb global_colors_info=\u00bb{}\u00bb][\/et_pb_icon][et_pb_text _builder_version=\u00bb4.21.0&#8243; _module_preset=\u00bb80acd491-db05-4213-8972-11073c6eb52e\u00bb text_text_color=\u00bb#FFFFFF\u00bb custom_margin=\u00bb|-18px|10px||false|false\u00bb custom_padding=\u00bb||0px||false|false\u00bb global_colors_info=\u00bb{}\u00bb]<\/p>\n<p>Respeto y humildad. Porque al final, la monta\u00f1a decide. <\/p>\n<p>[\/et_pb_text][et_pb_text _builder_version=\u00bb4.21.0&#8243; _module_preset=\u00bbdefault\u00bb text_text_color=\u00bb#00857d\u00bb global_colors_info=\u00bb{}\u00bb]<\/p>\n<p><strong>El credo de Marc Gr\u00fcn<\/strong><\/p>\n<p>[\/et_pb_text][\/et_pb_column][\/et_pb_row][\/et_pb_section][et_pb_section fb_built=\u00bb1&#8243; custom_padding_last_edited=\u00bbon|phone\u00bb _builder_version=\u00bb4.21.0&#8243; _module_preset=\u00bbdefault\u00bb background_color=\u00bb#17171E\u00bb custom_padding=\u00bb100px||100px||true|false\u00bb custom_padding_tablet=\u00bb100px||100px||true|false\u00bb custom_padding_phone=\u00bb80px||80px||true|false\u00bb da_disable_devices=\u00bboff|off|off\u00bb locked=\u00bboff\u00bb global_colors_info=\u00bb{}\u00bb da_is_popup=\u00bboff\u00bb da_exit_intent=\u00bboff\u00bb da_has_close=\u00bbon\u00bb da_alt_close=\u00bboff\u00bb da_dark_close=\u00bboff\u00bb da_not_modal=\u00bbon\u00bb da_is_singular=\u00bboff\u00bb da_with_loader=\u00bboff\u00bb da_has_shadow=\u00bbon\u00bb][et_pb_row _builder_version=\u00bb4.19.4&#8243; _module_preset=\u00bbdefault\u00bb global_colors_info=\u00bb{}\u00bb][et_pb_column type=\u00bb4_4&#8243; _builder_version=\u00bb4.19.2&#8243; _module_preset=\u00bbdefault\u00bb global_colors_info=\u00bb{}\u00bb][et_pb_text _builder_version=\u00bb4.21.0&#8243; _module_preset=\u00bb4f2bbf6b-de3b-40b0-98da-48deaef0ec2a\u00bb global_colors_info=\u00bb{}\u00bb]<\/p>\n<h2>Noticias de nuestro alpinista Marc<\/h2>\n<p>[\/et_pb_text][\/et_pb_column][\/et_pb_row][et_pb_row _builder_version=\u00bb4.21.0&#8243; _module_preset=\u00bbdefault\u00bb custom_padding=\u00bb0px||0px||false|true\u00bb global_colors_info=\u00bb{}\u00bb][et_pb_column type=\u00bb4_4&#8243; _builder_version=\u00bb4.19.2&#8243; _module_preset=\u00bbdefault\u00bb global_colors_info=\u00bb{}\u00bb][et_pb_blog posts_number=\u00bb3&#8243; include_categories=\u00bb50&#8243; excerpt_length=\u00bb140&#8243; show_more=\u00bbon\u00bb show_date=\u00bboff\u00bb show_pagination=\u00bbon\u00bb _builder_version=\u00bb4.21.0&#8243; _module_preset=\u00bbd4209805-ebae-4a0c-aacf-0bdb9b76868f\u00bb read_more_font=\u00bb||||||||\u00bb read_more_line_height=\u00bb2.7em\u00bb border_radii=\u00bbon|10px|10px|10px|10px\u00bb border_width_all=\u00bb0px\u00bb border_color_all=\u00bbRGBA(255,255,255,0)\u00bb box_shadow_style=\u00bbpreset1&#8243; box_shadow_blur=\u00bb8px\u00bb box_shadow_color=\u00bb#0A0A0A\u00bb global_colors_info=\u00bb{}\u00bb][\/et_pb_blog][\/et_pb_column][\/et_pb_row][\/et_pb_section][et_pb_section fb_built=\u00bb1&#8243; _builder_version=\u00bb4.19.2&#8243; _module_preset=\u00bb60e63619-d179-4e61-b546-e2ff598da92f\u00bb da_disable_devices=\u00bboff|off|off\u00bb global_colors_info=\u00bb{}\u00bb da_is_popup=\u00bboff\u00bb da_exit_intent=\u00bboff\u00bb da_has_close=\u00bbon\u00bb da_alt_close=\u00bboff\u00bb da_dark_close=\u00bboff\u00bb da_not_modal=\u00bbon\u00bb da_is_singular=\u00bboff\u00bb da_with_loader=\u00bboff\u00bb da_has_shadow=\u00bbon\u00bb][et_pb_row _builder_version=\u00bb4.21.0&#8243; _module_preset=\u00bbdefault\u00bb custom_padding=\u00bb8px||||false|true\u00bb global_colors_info=\u00bb{}\u00bb][et_pb_column type=\u00bb4_4&#8243; _builder_version=\u00bb4.18.0&#8243; _module_preset=\u00bbdefault\u00bb global_colors_info=\u00bb{}\u00bb][et_pb_button button_url=\u00bb@ET-DC@eyJkeW5hbWljIjp0cnVlLCJjb250ZW50IjoicG9zdF9saW5rX3VybF9wYWdlIiwic2V0dGluZ3MiOnsicG9zdF9pZCI6IjgwMzk1NiIsImVuYWJsZV9odG1sIjoib2ZmIn19@\u00bb button_text=\u00bbEl WERK\u00bb _builder_version=\u00bb4.19.2&#8243; _dynamic_attributes=\u00bbbutton_url\u00bb _module_preset=\u00bb1eb617f6-91d7-4cbf-892e-683eb12723f0&#8243; custom_margin=\u00bb||-4px||false|false\u00bb global_colors_info=\u00bb{}\u00bb][\/et_pb_button][et_pb_divider _builder_version=\u00bb4.19.1&#8243; _module_preset=\u00bbd54082b8-d532-4351-858b-170b7278f4ef\u00bb global_colors_info=\u00bb{}\u00bb][\/et_pb_divider][et_pb_button button_url=\u00bb@ET-DC@eyJkeW5hbWljIjp0cnVlLCJjb250ZW50IjoicG9zdF9saW5rX3VybF9wYWdlIiwic2V0dGluZ3MiOnsicG9zdF9pZCI6IjgwNDA2MSIsImVuYWJsZV9odG1sIjoib2ZmIn19@\u00bb button_text=\u00bbValores\u00bb _builder_version=\u00bb4.27.4&#8243; _dynamic_attributes=\u00bbbutton_url\u00bb _module_preset=\u00bb1eb617f6-91d7-4cbf-892e-683eb12723f0&#8243; custom_margin=\u00bb||-4px|||\u00bb hover_enabled=\u00bb0&#8243; global_colors_info=\u00bb{}\u00bb sticky_enabled=\u00bb0&#8243;][\/et_pb_button][et_pb_divider _builder_version=\u00bb4.19.1&#8243; _module_preset=\u00bbd54082b8-d532-4351-858b-170b7278f4ef\u00bb global_colors_info=\u00bb{}\u00bb][\/et_pb_divider][et_pb_button button_url=\u00bb@ET-DC@eyJkeW5hbWljIjp0cnVlLCJjb250ZW50IjoicG9zdF9saW5rX3VybF9wYWdlIiwic2V0dGluZ3MiOnsicG9zdF9pZCI6IjgxMzc4NCIsImVuYWJsZV9odG1sIjoib2ZmIn19@\u00bb button_text=\u00bbPatrocina\u00bb _builder_version=\u00bb4.21.0&#8243; _dynamic_attributes=\u00bbbutton_url\u00bb _module_preset=\u00bb1eb617f6-91d7-4cbf-892e-683eb12723f0&#8243; custom_margin=\u00bb-1px||||false|false\u00bb global_colors_info=\u00bb{}\u00bb][\/et_pb_button][\/et_pb_column][\/et_pb_row][\/et_pb_section]<\/p>\n<div class=\"shariff shariff-align-center shariff-widget-align-center\" data-services=\"facebook\" data-url=\"https%3A%2F%2Fwww.absaugwerk.de%2Fes%2Fla-empresa%2Fmarc-gruen%2F\" data-timestamp=\"1761651803\" data-hidezero=\"1\" data-backendurl=\"https:\/\/www.absaugwerk.de\/es\/wp-json\/shariff\/v1\/share_counts?\"><div class=\"ShariffHeadline\"><h5 style=\"font-size:16px\">TEILEN:<\/h5><\/div><ul class=\"shariff-buttons theme-round orientation-horizontal buttonsize-small\"><li class=\"shariff-button facebook\" style=\"background-color:#00857d;border-radius:10%\"><a href=\"https:\/\/www.facebook.com\/sharer\/sharer.php?u=https%3A%2F%2Fwww.absaugwerk.de%2Fes%2Fla-empresa%2Fmarc-gruen%2F\" title=\"Compartir en Facebook\" aria-label=\"Compartir en Facebook\" role=\"button\" rel=\"noreferrernoopener nofollow\" class=\"shariff-link\" style=\";border-radius:10%; background-color:#898989; color:#fff\" target=\"_blank\"><span class=\"shariff-icon\" style=\"\"><svg width=\"32px\" height=\"20px\" xmlns=\"http:\/\/www.w3.org\/2000\/svg\" viewBox=\"0 0 18 32\"><path fill=\"#3b5998\" d=\"M17.1 0.2v4.7h-2.8q-1.5 0-2.1 0.6t-0.5 1.9v3.4h5.2l-0.7 5.3h-4.5v13.6h-5.5v-13.6h-4.5v-5.3h4.5v-3.9q0-3.3 1.9-5.2t5-1.8q2.6 0 4.1 0.2z\"\/><\/svg><\/span><\/a><\/li><li class=\"shariff-button twitter\" style=\"background-color:#00857d;border-radius:10%\"><a href=\"https:\/\/twitter.com\/share?url=https%3A%2F%2Fwww.absaugwerk.de%2Fes%2Fla-empresa%2Fmarc-gruen%2F&text=Marc%20Gr%C3%BCn\" title=\"Compartir en X (Twitter)\" aria-label=\"Compartir en X (Twitter)\" role=\"button\" rel=\"noreferrernoopener nofollow\" class=\"shariff-link\" style=\";border-radius:10%; background-color:#898989; color:#fff\" target=\"_blank\"><span class=\"shariff-icon\" style=\"\"><svg xmlns=\"http:\/\/www.w3.org\/2000\/svg\" height=\"1em\" viewBox=\"0 0 512 512\"><!--! Font Awesome Free 6.4.2 by @fontawesome - https:\/\/fontawesome.com License - https:\/\/fontawesome.com\/license (Commercial License) Copyright 2023 Fonticons, Inc. --><style>svg{fill:#ffffff}<\/style><path d=\"M389.2 48h70.6L305.6 224.2 487 464H345L233.7 318.6 106.5 464H35.8L200.7 275.5 26.8 48H172.4L272.9 180.9 389.2 48zM364.4 421.8h39.1L151.1 88h-42L364.4 421.8z\"\/><\/svg><\/span><\/a><\/li><li class=\"shariff-button xing\" style=\"background-color:#00857d;border-radius:10%\"><a href=\"https:\/\/www.xing.com\/spi\/shares\/new?url=https%3A%2F%2Fwww.absaugwerk.de%2Fes%2Fla-empresa%2Fmarc-gruen%2F\" title=\"Compartir en XING\" aria-label=\"Compartir en XING\" role=\"button\" rel=\"noreferrernoopener nofollow\" class=\"shariff-link\" style=\";border-radius:10%; background-color:#898989; color:#fff\" target=\"_blank\"><span class=\"shariff-icon\" style=\"\"><svg width=\"32px\" height=\"20px\" xmlns=\"http:\/\/www.w3.org\/2000\/svg\" viewBox=\"0 0 25 32\"><path fill=\"#126567\" d=\"M10.7 11.9q-0.2 0.3-4.6 8.2-0.5 0.8-1.2 0.8h-4.3q-0.4 0-0.5-0.3t0-0.6l4.5-8q0 0 0 0l-2.9-5q-0.2-0.4 0-0.7 0.2-0.3 0.5-0.3h4.3q0.7 0 1.2 0.8zM25.1 0.4q0.2 0.3 0 0.7l-9.4 16.7 6 11q0.2 0.4 0 0.6-0.2 0.3-0.6 0.3h-4.3q-0.7 0-1.2-0.8l-6-11.1q0.3-0.6 9.5-16.8 0.4-0.8 1.2-0.8h4.3q0.4 0 0.5 0.3z\"\/><\/svg><\/span><\/a><\/li><li class=\"shariff-button linkedin\" style=\"background-color:#00857d;border-radius:10%\"><a href=\"https:\/\/www.linkedin.com\/sharing\/share-offsite\/?url=https%3A%2F%2Fwww.absaugwerk.de%2Fes%2Fla-empresa%2Fmarc-gruen%2F\" title=\"Compartir en LinkedIn\" aria-label=\"Compartir en LinkedIn\" role=\"button\" rel=\"noreferrernoopener nofollow\" class=\"shariff-link\" style=\";border-radius:10%; background-color:#898989; color:#fff\" target=\"_blank\"><span class=\"shariff-icon\" style=\"\"><svg width=\"32px\" height=\"20px\" xmlns=\"http:\/\/www.w3.org\/2000\/svg\" viewBox=\"0 0 27 32\"><path fill=\"#0077b5\" d=\"M6.2 11.2v17.7h-5.9v-17.7h5.9zM6.6 5.7q0 1.3-0.9 2.2t-2.4 0.9h0q-1.5 0-2.4-0.9t-0.9-2.2 0.9-2.2 2.4-0.9 2.4 0.9 0.9 2.2zM27.4 18.7v10.1h-5.9v-9.5q0-1.9-0.7-2.9t-2.3-1.1q-1.1 0-1.9 0.6t-1.2 1.5q-0.2 0.5-0.2 1.4v9.9h-5.9q0-7.1 0-11.6t0-5.3l0-0.9h5.9v2.6h0q0.4-0.6 0.7-1t1-0.9 1.6-0.8 2-0.3q3 0 4.9 2t1.9 6z\"\/><\/svg><\/span><\/a><\/li><li class=\"shariff-button whatsapp\" style=\"background-color:#00857d;border-radius:10%\"><a href=\"https:\/\/api.whatsapp.com\/send?text=https%3A%2F%2Fwww.absaugwerk.de%2Fes%2Fla-empresa%2Fmarc-gruen%2F%20Marc%20Gr%C3%BCn\" title=\"Compartir en Whatsapp\" aria-label=\"Compartir en Whatsapp\" role=\"button\" rel=\"noreferrernoopener nofollow\" class=\"shariff-link\" style=\";border-radius:10%; background-color:#898989; color:#fff\" target=\"_blank\"><span class=\"shariff-icon\" style=\"\"><svg width=\"32px\" height=\"20px\" xmlns=\"http:\/\/www.w3.org\/2000\/svg\" viewBox=\"0 0 32 32\"><path fill=\"#34af23\" d=\"M17.6 17.4q0.2 0 1.7 0.8t1.6 0.9q0 0.1 0 0.3 0 0.6-0.3 1.4-0.3 0.7-1.3 1.2t-1.8 0.5q-1 0-3.4-1.1-1.7-0.8-3-2.1t-2.6-3.3q-1.3-1.9-1.3-3.5v-0.1q0.1-1.6 1.3-2.8 0.4-0.4 0.9-0.4 0.1 0 0.3 0t0.3 0q0.3 0 0.5 0.1t0.3 0.5q0.1 0.4 0.6 1.6t0.4 1.3q0 0.4-0.6 1t-0.6 0.8q0 0.1 0.1 0.3 0.6 1.3 1.8 2.4 1 0.9 2.7 1.8 0.2 0.1 0.4 0.1 0.3 0 1-0.9t0.9-0.9zM14 26.9q2.3 0 4.3-0.9t3.6-2.4 2.4-3.6 0.9-4.3-0.9-4.3-2.4-3.6-3.6-2.4-4.3-0.9-4.3 0.9-3.6 2.4-2.4 3.6-0.9 4.3q0 3.6 2.1 6.6l-1.4 4.2 4.3-1.4q2.8 1.9 6.2 1.9zM14 2.2q2.7 0 5.2 1.1t4.3 2.9 2.9 4.3 1.1 5.2-1.1 5.2-2.9 4.3-4.3 2.9-5.2 1.1q-3.5 0-6.5-1.7l-7.4 2.4 2.4-7.2q-1.9-3.2-1.9-6.9 0-2.7 1.1-5.2t2.9-4.3 4.3-2.9 5.2-1.1z\"\/><\/svg><\/span><\/a><\/li><\/ul><\/div>","protected":false},"excerpt":{"rendered":"<p>\u00bbAdem\u00e1s de la preparaci\u00f3n f\u00edsica, la preparaci\u00f3n mental es a\u00fan m\u00e1s importante para poder hacer frente a los esfuerzos y desaf\u00edos mentales que se avecinan. Normalmente s\u00f3lo hay un intento. Al final, la monta\u00f1a decide. \u00ab Disciplina: Alpinismo extremo Fecha de nacimiento: 9 de enero de 1978 Nacionalidad: Alem\u00e1n Expedici\u00f3n: 3 d\u00edas de trekking hasta [&hellip;]<\/p>\n","protected":false},"author":6,"featured_media":0,"parent":895545,"menu_order":0,"comment_status":"closed","ping_status":"closed","template":"","meta":{"_acf_changed":false,"_et_pb_use_builder":"on","_et_pb_old_content":"","_et_gb_content_width":"","footnotes":""},"dipi_cpt_category":[],"class_list":["post-887160","page","type-page","status-publish","hentry"],"acf":[],"_links":{"self":[{"href":"https:\/\/www.absaugwerk.de\/es\/wp-json\/wp\/v2\/pages\/887160","targetHints":{"allow":["GET"]}}],"collection":[{"href":"https:\/\/www.absaugwerk.de\/es\/wp-json\/wp\/v2\/pages"}],"about":[{"href":"https:\/\/www.absaugwerk.de\/es\/wp-json\/wp\/v2\/types\/page"}],"author":[{"embeddable":true,"href":"https:\/\/www.absaugwerk.de\/es\/wp-json\/wp\/v2\/users\/6"}],"replies":[{"embeddable":true,"href":"https:\/\/www.absaugwerk.de\/es\/wp-json\/wp\/v2\/comments?post=887160"}],"version-history":[{"count":3,"href":"https:\/\/www.absaugwerk.de\/es\/wp-json\/wp\/v2\/pages\/887160\/revisions"}],"predecessor-version":[{"id":1023195,"href":"https:\/\/www.absaugwerk.de\/es\/wp-json\/wp\/v2\/pages\/887160\/revisions\/1023195"}],"up":[{"embeddable":true,"href":"https:\/\/www.absaugwerk.de\/es\/wp-json\/wp\/v2\/pages\/895545"}],"wp:attachment":[{"href":"https:\/\/www.absaugwerk.de\/es\/wp-json\/wp\/v2\/media?parent=887160"}],"wp:term":[{"taxonomy":"dipi_cpt_category","embeddable":true,"href":"https:\/\/www.absaugwerk.de\/es\/wp-json\/wp\/v2\/dipi_cpt_category?post=887160"}],"curies":[{"name":"wp","href":"https:\/\/api.w.org\/{rel}","templated":true}]}}